{"id":229230,"date":"2021-11-15T14:59:18","date_gmt":"2021-11-15T13:59:18","guid":{"rendered":"https:\/\/www.picalletres.net\/ca\/?page_id=229230"},"modified":"2023-06-14T15:48:40","modified_gmt":"2023-06-14T13:48:40","slug":"avis-legal-i-politica-de-privacitat","status":"publish","type":"page","link":"https:\/\/www.picalletres.net\/ca\/avis-legal-i-politica-de-privacitat\/","title":{"rendered":"Av\u00eds legal"},"content":{"rendered":"\n[et_pb_section fb_built=&#8221;1&#8243; _builder_version=&#8221;4.16&#8243; global_colors_info=&#8221;{}&#8221;][et_pb_row _builder_version=&#8221;4.16&#8243; background_size=&#8221;initial&#8221; background_position=&#8221;top_left&#8221; background_repeat=&#8221;repeat&#8221; global_colors_info=&#8221;{}&#8221;][et_pb_column type=&#8221;4_4&#8243; _builder_version=&#8221;4.16&#8243; custom_padding=&#8221;|||&#8221; hover_enabled=&#8221;0&#8243; global_colors_info=&#8221;{}&#8221; custom_padding__hover=&#8221;|||&#8221; sticky_enabled=&#8221;0&#8243;][et_pb_text admin_label=&#8221;Text&#8221; _builder_version=&#8221;4.21.0&#8243; background_size=&#8221;initial&#8221; background_position=&#8221;top_left&#8221; background_repeat=&#8221;repeat&#8221; hover_enabled=&#8221;0&#8243; global_colors_info=&#8221;{}&#8221; sticky_enabled=&#8221;0&#8243;]<h1>AV\u00cdS LEGAL I POL\u00cdTICA DE PRIVACITAT<\/h1>\n<p>&nbsp;<\/p>[\/et_pb_text][et_pb_text _builder_version=&#8221;4.21.0&#8243; _module_preset=&#8221;default&#8221; global_colors_info=&#8221;{}&#8221;]<p>1.CONDICIONS D\u2019\u00daS BLEBA 30, S.L.<\/p>\n<p>En compliment de la Llei 34\/2002, d\u201911 de juliol, la productora BLEBA 30, S.L.us informa que \u00e9s titular del lloc web www.picalletres.cat. D\u2019acord amb l\u2019exig\u00e8ncia de l\u2019article 10 de l\u2019esmentada llei, BLEBA 30, S.L. notifica les dades seg\u00fcents: el titular d\u2019aquesta p\u00e0gina web \u00e9s BLEBA 30, S.L. amb CIF B67265140, registrada al Registre Mercantil de Barcelona, Volum 46.546, foli 68, Inscripci\u00f3 1, full n\u00fam. B-523.399, amb domicili social al c\/ Muntaner, 261 entresol 1\u00aa, codi postal 08021, localitat Barcelona i prov\u00edncia Barcelona. L\u2019adre\u00e7a de correu electr\u00f2nic de contacte amb l\u2019empresa \u00e9s: <a href=\"mailto:info@antartida.tv\">info@antartida.tv<\/a>.<\/p>\n<p>&nbsp;<\/p>\n<p>2.USUARI I R\u00c8GIM DE RESPONSABILITATS<\/p>\n<p>La navegaci\u00f3, acc\u00e9s i \u00fas dels llocs web de BLEBA 30, S.L. atorguen la condici\u00f3 d\u2019usuari, per la qual s\u2019accepten, a l\u2019hora de navegar per la p\u00e0gina de BLEBA 30, S.L., totes les condicions d\u2019\u00fas que s\u2019estableixen aqu\u00ed, sense perjudici de l\u2019aplicaci\u00f3 de la normativa corresponent de compliment legal obligat, segons el cas.<\/p>\n<p>La p\u00e0gina web de BLEBA 30, S.L. proporciona diversitat d\u2019informaci\u00f3, serveis i dades. L\u2019usuari assumeix la seva responsabilitat en l\u2019\u00fas correcte del lloc web. Aquesta responsabilitat s\u2019estendr\u00e0 a:<\/p>\n<ul>\n<li>La veracitat i licitud de les informacions aportades per l\u2019usuari als formularis emesos per BLEBA 30, S.L. per accedir a determinats continguts o serveis oferts per la web.<\/li>\n<li>L\u2019\u00fas de la informaci\u00f3, serveis i dades oferts per BLEBA 30, S.L. contra les disposicions d\u2019aquestes condicions, la llei, la moral, els bons costums i l\u2019ordre p\u00fablic o que, en qualsevol altre cas, puguin implicar lesi\u00f3 dels drets de tercers o del funcionament dels llocs web.<\/li>\n<\/ul>\n<p>Amb aquesta finalitat, l\u2019usuari s\u2019abstindr\u00e0 d\u2019utilitzar qualsevol dels continguts amb fins o efectes il\u00b7l\u00edcits, prohibits en aquest text, lesius dels drets i interessos de tercers, o que, sigui com sigui, puguin danyar, inutilitzar, sobrecarregar, deteriorar o impedir la utilitzaci\u00f3 normal dels continguts, els altres usuaris o qualsevol usuari d\u2019internet (maquinari i programari).<\/p>\n<p>Els usuaris respondran dels danys i perjudicis de tota naturalesa que l\u2019empresa propiet\u00e0ria de la web pugui rebre, directament o indirectament, a conseq\u00fc\u00e8ncia de l\u2019incompliment de qualsevol de les obligacions derivades de l\u2019\u00fas de la web i d\u2019aquesta pol\u00edtica de privacitat.<\/p>\n<p>En particular, i a t\u00edtol merament indicatiu i no exhaustiu, l\u2019usuari es compromet a no transmetre, difondre ni posar a disposici\u00f3 de tercers informacions, dades, continguts, missatges, gr\u00e0fics, dibuixos, arxius de so i\/o imatge ni fotografies de la web.<\/p>\n<p>&nbsp;<\/p>\n<ol start=\"3\">\n<li>POL\u00cdTICA D\u2019ENLLA\u00c7OS I EXEMPCIONS DE RESPONSABILITAT<\/li>\n<\/ol>\n<p>BLEBA 30, S.L. no es fa responsable del contingut de les p\u00e0gines web a les quals pugui accedir l\u2019usuari a trav\u00e9s dels enlla\u00e7os establerts en els seus llocs web i declara que en cap cas no examinar\u00e0 ni exercitar\u00e0 cap control sobre el contingut de cap m\u00e9s p\u00e0gina de la xarxa.<\/p>\n<p>Aix\u00ed mateix, tampoc no garanteix la disponibilitat t\u00e8cnica, exactitud, veracitat, validesa o legalitat de p\u00e0gines alienes a la seva propietat a les qual es pugui accedir mitjan\u00e7ant els enlla\u00e7os.<\/p>\n<p>BLEBA 30, S.L. declara que ha adoptat totes les mesures necess\u00e0ries per a evitar qualsevol dany que pugui derivar-se de la navegaci\u00f3 per les seves p\u00e0gines web. En conseq\u00fc\u00e8ncia, BLEBA 30, S.L. no es fa responsable, en cap cas, dels eventuals danys que pugui sofrir l\u2019usuari a causa de la navegaci\u00f3 per internet.<\/p>\n<p>BLEBA 30, S.L. no es responsabilitza dels danys o perjudicis de qualsevol mena rebuts per l\u2019usuari a causa d\u2019errors o desconnexions a les xarxes de telecomunicacions que produeixin la suspensi\u00f3, la cancel\u00b7laci\u00f3 o la interrupci\u00f3 del servei de la web durant la prestaci\u00f3 d\u2019aquest servei o amb car\u00e0cter previ.<\/p>\n<p>L\u2019acc\u00e9s a la web www.picalletres.cat no implica l\u2019obligaci\u00f3 de l\u2019empresa de controlar l\u2019abs\u00e8ncia de virus o qualsevol altre element inform\u00e0tic dany\u00f3s. Correspon a l\u2019usuari, en tot cas, de disposar d\u2019eines adequades per a detectar i desinfectar programes inform\u00e0tics nocius.<\/p>\n<p>BLEBA 30, S.L. no es responsabilitza dels danys produ\u00efts en els equips inform\u00e0tics, documents i\/o fitxers dels usuaris o de tercers durant la prestaci\u00f3 del servei al portal.<\/p>\n<p>&nbsp;<\/p>\n<p>4. PUBLICITAT<\/p>\n<p>Est\u00e0 terminantment prohibit posar o fer servir qualsevol element o menci\u00f3 publicit\u00e0ria per part dels usuaris als llocs web sense perm\u00eds expl\u00edcit de BLEBA 30, SL.<\/p>\n<p>En el cas d\u2019elements publicitaris presents als llocs webs, BLEBA 30, SL no es fa responsable del contingut, ofertes, funcionament t\u00e8cnic ni cap altre q\u00fcesti\u00f3 relacionada amb dita publicitat i amb els enlla\u00e7os a tercers que surtin de la mateixa.<\/p>\n<p>&nbsp;<\/p>\n<ol start=\"5\">\n<li>MODIFICACIONS<\/li>\n<\/ol>\n<p>BLEBA 30, S.L. es reserva el dret de fer les modificacions que consideri oportunes, sense av\u00eds previ, als seus llocs web, tant pel que fa als continguts com a les condicions d\u2019\u00fas o a les condicions generals de contractaci\u00f3. Aquestes modificacions podran fer-se mitjan\u00e7ant els seus llocs web, de qualsevol forma admissible en dret i seran de compliment obligat durant el temps que romanguin publicades a la web i fins que no siguin modificades.<\/p>\n<p>&nbsp;<\/p>\n<ol start=\"6\">\n<li>POL\u00cdTICA DE \u2018GALETES\u2019<\/li>\n<\/ol>\n<p><strong>Qu\u00e8 s\u00f3n les \u2018galetes\u2019 (\u2018cookies\u2019)?<\/strong><\/p>\n<p>Les \u2018galetes\u2019 s\u00f3n arxius que es poden descarregar en el vostre equip mitjan\u00e7ant les p\u00e0gines web. S\u00f3n eines que tenen un paper essencial per a la prestaci\u00f3 de nombrosos serveis de la societat de la informaci\u00f3. Permeten a una p\u00e0gina web, per exemple, d\u2019emmagatzemar i recuperar informaci\u00f3 sobre els h\u00e0bits de navegaci\u00f3 d\u2019un usuari o del seu equip i, depenent de la informaci\u00f3 obtinguda, es poden utilitzar per recon\u00e8ixer l\u2019usuari i millorar el servei ofert.<\/p>\n<p><strong>Tipus de galetes<\/strong><\/p>\n<p>Hi ha diversos tipus de galetes segons el termini que romanen activades:<\/p>\n<ul>\n<li><strong> <\/strong><strong>Galetes de sessi\u00f3<\/strong>: s\u00f3n galetes temporals que romanen a l\u2019arxiu de galetes del vostre navegador fins que no abandoneu la p\u00e0gina web, per la qual cosa no resten registrades en el disc dur. La informaci\u00f3 obtinguda per mitj\u00e0 d\u2019aquestes galetes serveix per a analitzar pautes de tr\u00e0fic al lloc web.<\/li>\n<li><strong>Galetes permanents o persistents<\/strong>: s\u00f3n emmagatzemades al disc dur i la nostra web les llegeix cada vegada que hi feu una visita.<\/li>\n<\/ul>\n<p>Es poden classificar tamb\u00e9 segons l\u2019entitat que gestioni el domini des d\u2019on s\u2019envien i hi tracti les dades que se n\u2019obtinguin. D\u2019acord amb aquest criteri, se\u2019n poden distingir dos tipus:<\/p>\n<ul>\n<li><strong> <\/strong><strong>Galetes pr\u00f2pies<\/strong>: les que s\u2019envien a l\u2019equip terminal de l\u2019usuari des d\u2019un equip o domini gestionat per l\u2019editor i des del qual es presta el servei sol\u00b7licitat per l\u2019usuari.<\/li>\n<li><strong>Galetes de tercers: <\/strong>les que s\u2019envien a l\u2019equip terminal de l\u2019usuari des d\u2019un equip o domini que no \u00e9s gestionat per l\u2019editor, sin\u00f3 per una altra entitat que tracta les dades obtingudes per mitj\u00e0 de les galetes.<\/li>\n<\/ul>\n<p>Tamb\u00e9 poden classificar-se segons la finalitat.<\/p>\n<p>A continuaci\u00f3 relacionem les principals galetes utilitzades per BLEBA 30, S.L. en la web:<\/p>\n<ul>\n<li><strong> <\/strong><strong>Galetes de registre<\/strong>: per a identificar l\u2019usuari que ha iniciat sessi\u00f3.<\/li>\n<li><strong> <\/strong><strong>Galetes de publicitat<\/strong>: per a oferir continguts publicitaris relacionats amb els interessos de l\u2019usuari, b\u00e9 directament, b\u00e9 per mitj\u00e0 de tercers anomenats \u2018Adservers\u2019.<\/li>\n<li><strong> <\/strong><strong>Galetes anal\u00edtiques<\/strong>: per a obtenir informaci\u00f3 relacionada amb el mesurament de l\u2019audi\u00e8ncia.<\/li>\n<li><strong>Galetes sobre geolocalitzaci\u00f3<\/strong>: per a recaptar informaci\u00f3 sobre la localitzaci\u00f3 geogr\u00e0fica de l\u2019usuari.<\/li>\n<\/ul>\n<p>Seguint la pol\u00edtica de protecci\u00f3 de dades de l\u2019empresa, BLEBA 30, S.L. informa que les galetes s\u2019associen a l\u2019usuari an\u00f2nim i al seu ordinador i no proporcionen per si mateixes ni el nom ni els cognoms de l\u2019usuari.<\/p>\n<p>&nbsp;<\/p>\n<p><strong>Desactivaci\u00f3 i eliminaci\u00f3 de galetes<\/strong><\/p>\n<p>L\u2019usuari t\u00e9 la possibilitat de configurar el seu navegador de manera que sigui informat de la recepci\u00f3 de galetes, amb la possibilitat d\u2019impedir que s\u2019instal\u00b7lin al seu disc dur.<\/p>\n<p>Segons el navegador que utilitzi, l\u2019usuari pot deshabilitar l\u2019\u00fas de les galetes a:<\/p>\n<ul>\n<li><strong>Chrome<\/strong>: Configuraci\u00f3 &gt; Configuraci\u00f3 avan\u00e7ada &gt; privacitat i seguretat &gt; Configuraci\u00f3 del contingut.<\/li>\n<li><strong>Firefox<\/strong>: Opcions &gt; privacitat i seguretat.<\/li>\n<li><strong>Edge<\/strong>: Configuraci\u00f3 &gt; Configuraci\u00f3 avan\u00e7ada &gt; privacitat i serveis.<\/li>\n<li><strong>Safari: <\/strong>Prefer\u00e8ncies &gt; privacitat.<\/li>\n<\/ul>\n<p>No obstant aix\u00f2, per a accedir als llocs web de BLEBA 30, S.L. no \u00e9s preceptiva la instal\u00b7laci\u00f3 de galetes.<\/p>\n<p>L\u2019usuari es compromet a abstenir-se de reproduir, copiar, distribuir i posar a disposici\u00f3 els continguts de la web o, de qualsevol altra manera, comunicar-los p\u00fablicament, transformar-los o modificar-los, llevat que tingui l\u2019autoritzaci\u00f3 del titular dels corresponents drets o aix\u00f2 resulti legalment perm\u00e8s.<\/p>\n<p>&nbsp;<\/p>\n<ol start=\"7\">\n<li>PROTECCI\u00d3 DE DADES PERSONALS<\/li>\n<\/ol>\n<p>El responsable d\u2019aquesta web considera com un objectiu b\u00e0sic garantir la privacitat i la confidencialitat de les dades de car\u00e0cter personal dels seus usuaris i de tots els qui es relacionen amb aquesta web i, per aquest motiu, manifesta el m\u00e0xim comprom\u00eds de compliment de l\u2019actual Llei Org\u00e0nica de Protecci\u00f3 de Dades (LOPD)\u00a0i el Reglament (UE) 2016\/679 relatiu a la protecci\u00f3 de persones f\u00edsiques pel que fa a la protecci\u00f3 i lliure circulaci\u00f3 de dades personals (RGPD). Per tant, en la cl\u00e0usula present es facilita la informaci\u00f3 sobre l\u2019\u00fas que far\u00e0 la societat de les vostres dades personals.<\/p>\n<p>1.Responsable del tractament<\/p>\n<p>BLEBA 30, S.L. \u00e9s el responsable del tractament de les dades de car\u00e0cter personal que es tractin per mitj\u00e0 d\u2019aquesta p\u00e0gina web i els seus subdominis, en els formularis situats en aquests (el \u2018lloc web\u2019). Podeu consultar la informaci\u00f3 relativa a BLEBA 30, S.L. visitant l\u2019av\u00eds legal que apareix al peu de la p\u00e0gina principal.<\/p>\n<p>2.Descripci\u00f3 dels tractaments<\/p>\n<p>A continuaci\u00f3 us informem dels tractaments fets per BLEBA 30, S.L. en relaci\u00f3 amb les dades que l\u2019usuari faciliti en algun dels formularis del lloc web.<\/p>\n<p>Per a cadascun especifiquem: la finalitat i la base jur\u00eddica del tractament, el termini durant el qual conservarem les vostres dades i, si escau, la possible comunicaci\u00f3 de dades a tercers.<span style=\"text-decoration: line-through;\"><\/span><\/p>\n<ol>\n<li>Usuaris registrats:<\/li>\n<\/ol>\n<p>Tractament de les dades amb la finalitat de gestionar el registre i l\u2019activitat als llocs web. Aix\u00f2 pot incloure escriure i llegir comentaris, participar als llocs web, gestionar la vostra participaci\u00f3 al Pica Lletres, pujar i consultar continguts. Tamb\u00e9 podrem tractar les vostres dades per a atendre qualsevol q\u00fcesti\u00f3, dubte, queixa o reclamaci\u00f3 que ens pugueu adre\u00e7ar.<\/p>\n<ul>\n<li>Base legal:<br \/>Gesti\u00f3 de la relaci\u00f3 amb l\u2019usuari registrat.<\/li>\n<li>Termini de conservaci\u00f3:<br \/>Mentre es mantingui la relaci\u00f3 d\u2019usuari registrat i, en qualsevol cas, en compliment de terminis legals de prescripci\u00f3 aplicables.<\/li>\n<li>Destinataris:<br \/>No se cediran les vostres dades personals a cap tercer, llevat dels <span style=\"text-decoration: line-through;\">\u00a0<\/span>prestadors de serveis de les comunicacions, per a possibilitar la prestaci\u00f3 del servei.<\/li>\n<\/ul>\n<p>&nbsp;<\/p>\n<ol>\n<li>Enviament de butlletins d\u2019informaci\u00f3<\/li>\n<\/ol>\n<p>Tractament de dades per a enviar-vos els butlletins d\u2019informaci\u00f3 del concurs Pica Lletres.<\/p>\n<ul>\n<li>Base legal:<br \/>Consentiment: tot marcant la casella que hi ha en el formulari corresponent.<\/li>\n<li>Termini de conservaci\u00f3:<br \/>Fins que no revoqueu el consentiment.<\/li>\n<li>Destinataris:<br \/>No se cediran les vostres dades personals a cap tercer, llevat dels prestadors de serveis de les comunicacions, per a possibilitar la prestaci\u00f3 del servei.<\/li>\n<\/ul>\n<ol>\n<li>Consultes i reclamacions d\u2019usuaris no registrats:<\/li>\n<\/ol>\n<p>Tractament de dades amb la finalitat d\u2019atendre la sol\u00b7licitud i seguiment de qualsevol q\u00fcesti\u00f3, dubte, queixa o reclamaci\u00f3 que ens pugui presentar qualsevol altre usuari que no sigui registrat.<\/p>\n<ul>\n<li>Base legal:<br \/>Consentiment: tot marcant la casella que hi ha en el formulari de contacte.<\/li>\n<li>Termini de conservaci\u00f3:<br \/>Fins a la resoluci\u00f3 completa de la q\u00fcesti\u00f3, dubte, queixa o reclamaci\u00f3.<\/li>\n<li>Destinataris:<br \/>No se cediran les vostres dades personals a cap tercer, llevat de: si escau, qualsevol entitat o organitzaci\u00f3 que pogu\u00e9s resultar d\u2019inter\u00e8s per a la resoluci\u00f3 de la consulta o reclamaci\u00f3, sempre que sigui estrictament necessari; prestadors de serveis de les comunicacions, per a possibilitar la prestaci\u00f3 del servei.<\/li>\n<\/ul>\n<ol>\n<li>Tramesa de comunicacions espec\u00edfiques de BLEBA 30, S.L.<\/li>\n<\/ol>\n<p>Amb els objectius seg\u00fcents (segons el cas): Participar en el concurs Pica Lletres.<\/p>\n<ul>\n<li><span style=\"text-decoration: line-through;\"> <\/span>Base legal:<br \/>Consentiment: tot marcant la casella que figura en el formulari corresponent.<\/li>\n<li>Termini de conservaci\u00f3:<br \/>Fins que no revoqueu el consentiment.<\/li>\n<li>Destinataris:<br \/>No se cediran les vostres dades personals a cap tercer, llevat dels prestadors de serveis de les comunicacions, per possibilitar la prestaci\u00f3 del servei; i entitats involucrades a l\u2019organitzaci\u00f3 del Pica Lletres.Us informem, aix\u00ed mateix, que aquest lloc web utilitza \u2018galetes\u2019 pr\u00f2pies i de tercers que poden obtenir dades no identificatives, com ara la vostra adre\u00e7a IP o informaci\u00f3 de les p\u00e0gines visitades dins aquest lloc web. Podeu obtenir m\u00e9s informaci\u00f3 sobre les galetes, els tipus i les indicacions per a desactivar-les o eliminar-les visitant la nostra \u2018Pol\u00edtica de galetes\u2019.No es preveuen transfer\u00e8ncies internacionals. Si escau, tan sols se\u2019n podran fer de les vostres dades personals a prestadors de serveis de la societat. Aquests prestadors poden ser situats en estats fora de l\u2019Espai Econ\u00f2mic Europeu. Quan no s\u2019hagi declarat que compten amb un nivell de protecci\u00f3 equivalent a l\u2019europeu, la societat adoptar\u00e0 les corresponents cl\u00e0usules contractuals tipus o exigir\u00e0 l\u2019adhesi\u00f3 al Privacy Shield.L\u2019usuari garanteix que les dades aportades s\u00f3n veritables, exactes, completes i actualitzades i \u00e9s responsable de qualsevol dany o perjudici, directe o indirecte, que pogu\u00e9s esdevenir-se a conseq\u00fc\u00e8ncia de l\u2019incompliment de tal obligaci\u00f3.\n<p>Els espais remarcats amb asterisc en cadascun dels formularis s\u00f3n obligatoris, de manera que la negativa a subministrar-los implicar\u00e0 la impossibilitat de dur a terme la prestaci\u00f3 dels serveis contractats.<\/p>\n<p>Us informem que no cedim les vostres dades personals a tercers tret de quan hi hagi una obligaci\u00f3 legal (hisenda p\u00fablica, jutjats i tribunals, forces i cossos de seguretat\u2026) o b\u00e9 ho indiquem expressament en la descripci\u00f3 inclosa en aquest apartat. D\u2019una altra banda, podran tenir acc\u00e9s a les vostres dades personals els encarregats del tractament de BLEBA 30, S.L., \u00e9s a dir, els prestadors de serveis que hi hagin d\u2019accedir per al desenvolupament de les seves funcions.<\/p>\n<\/li>\n<\/ul>\n<ol>\n<li>Drets que podeu exercir en relaci\u00f3 amb les vostres dades personals<\/li>\n<\/ol>\n<p>En qualsevol moment, i de manera gratu\u00efta, podeu exercir els drets seg\u00fcents:<\/p>\n<ul>\n<li>Accedir a les vostres dades personals.<\/li>\n<li>Rectificar les dades inexactes o incompletes.<\/li>\n<li>Sol\u00b7licitar la supressi\u00f3 de les vostres dades quan, entre m\u00e9s motius, les dades ja no siguin necess\u00e0ries per a les finalitats per a les quals van ser recollides.<\/li>\n<li>Obtenir de BLEBA 30, S.L. la limitaci\u00f3 del tractament de les dades quan es compleixi alguna de les condicions previstes en la normativa de protecci\u00f3 de dades.<\/li>\n<li>En determinades circumst\u00e0ncies i per motius relacionats amb la seva situaci\u00f3 particular al tractament de les seves dades, els interessats podran oposar-se al tractament de les seves dades. BLEBA 30, S.L. deixar\u00e0 de tractar les dades, llevat de motius leg\u00edtims imperiosos, o l\u2019exercici o la defensa de possibles reclamacions.<\/li>\n<li>Sol\u00b7licitar la portabilitat de les vostres dades.<\/li>\n<li>Revocar els consentiments.<\/li>\n<li>Reclamar davant l\u2019Ag\u00e8ncia Espanyola de Protecci\u00f3 de Dades quan considereu que BLEBA 30, S.L. ha vulnerat els drets que us s\u00f3n reconeguts per la normativa aplicable en protecci\u00f3 de dades.<\/li>\n<\/ul>\n<p>Podreu exercir aquests drets mitjan\u00e7ant un escrit a l\u2019adre\u00e7a seg\u00fcent: c\/ Balmes, 205, 4rt 1\u00aa\u00a0 codi postal 08006; localitat Barcelona prov\u00edncia Barcelona, indicant clarament al sobre \u201cPROTECCI\u00d3 DE DADES\u201d.<\/p>\n<p>O b\u00e9 a la seg\u00fcent adre\u00e7a de correu electr\u00f2nic: <a href=\"mailto:info@antartida.tv\">info@antartida.tv<\/a>\u00a0 informant-nos del dret que desitgeu exercir i incloent-hi les vostres dades identificatives.<\/p>\n<ol start=\"2\">\n<li>Mesures de seguretat<\/li>\n<\/ol>\n<p>BLEBA 30, S.L. ha aplicat i mant\u00e9 els nivells de seguretat exigits pel RGPD per a protegir les dades de car\u00e0cter personal dels usuaris enfront de p\u00e8rdues fortu\u00eftes i d\u2019accessos, tractaments o revelacions no autoritzats, tenint en compte l\u2019estat de la tecnologia, la naturalesa de les dades emmagatzemades i els riscs a qu\u00e8 s\u00f3n exposades. No obstant aix\u00f2, la transmissi\u00f3 d\u2019informaci\u00f3 per mitj\u00e0 d\u2019internet no \u00e9s totalment segura; per aix\u00f2, i malgrat que BLEBA 30, S.L. fa el m\u00e0xim esfor\u00e7 per a protegir les dades dels usuaris, no pot garantir-ne la seguretat durant el tr\u00e0nsit fins al lloc web. Per tant, tota la informaci\u00f3 que faciliteu s\u2019enviar\u00e0 a compte i risc vostre. Una vegada rebudes les vostres dades, BLEBA 30, S.L. utilitzar\u00e0 procediments i funcions de seguretat rigorosos per impedir-hi qualsevol acc\u00e9s no autoritzat.<\/p>\n<p>3. Actualitzaci\u00f3 d\u2019aquesta pol\u00edtica de privacitat<\/p>\n<p>BLEBA 30 SL es reserva el dret de modificar de manera unilateral aquesta pol\u00edtica de privacitat, a conseq\u00fc\u00e8ncia, entre m\u00e9s circumst\u00e0ncies, de: (1) canvis en el lloc web; (2) modificacions en els tractaments o finalitats de dades personals; (3) modificacions o novetats legislatives; i (4) l\u2019establiment de nous criteris per part de l\u2019Ag\u00e8ncia Espanyola de Protecci\u00f3 de Dades o qualsevol altra autoritat sobre la mat\u00e8ria.<\/p>\n<p>Per aix\u00f2, BLEBA 30 S.L. recomana a l\u2019usuari que llegeixi detingudament la pol\u00edtica de privacitat vigent en el moment en qu\u00e8 accedeixi al lloc web i, en tot cas, abans de registrar-se.<\/p>\n<p>&nbsp;<\/p>\n<ol start=\"8\">\n<li>PROPIETAT INTEL\u00b7LECTUAL<\/li>\n<\/ol>\n<p>Els drets de propietat intel\u00b7lectual i industrial derivats de tots els texts, imatges i tamb\u00e9 dels mitjans i formes de presentaci\u00f3 i muntatge de les seves p\u00e0gines pertanyen, per si mateixos o com a cessionari, a BLEBA 30, S.L. Seran, per tant, obres protegides amb propietat intel\u00b7lectual per l\u2019ordenament jur\u00eddic espanyol i hom els podr\u00e0 aplicar tant la normativa espanyola i comunit\u00e0ria en aquest camp, com els tractats internacionals relatius a la mat\u00e8ria i subscrits per Espanya.<\/p>\n<p>Tots els drets reservats. En compliment de la Llei de la Propietat Intel\u00b7lectual es prohibeix expressament la reproducci\u00f3, distribuci\u00f3, comunicaci\u00f3 p\u00fablica i utilitzaci\u00f3 de la totalitat o de part dels continguts de les seves p\u00e0gines web sense el consentiment expl\u00edcit de BLEBA 30, S.L.<\/p>\n<p>Aix\u00ed mateix, BLEBA 30, S.L. es reserva la facultat de presentar les accions civils o penals que consideri oportunes de resultes de la utilitzaci\u00f3 indeguda de les seves p\u00e0gines web i continguts o per l\u2019incompliment d\u2019aquestes condicions.<\/p>\n<p>&nbsp;<\/p>\n<ol start=\"9\">\n<li>ACCIONS LEGALS, LEGISLACI\u00d3 APLICABLE I JURISDICCI\u00d3<\/li>\n<\/ol>\n<p>La relaci\u00f3 entre l\u2019usuari i BLEBA 30, S.L. es regir\u00e0 per la normativa espanyola vigent. Per a decidir sobre qualsevol controv\u00e8rsia que pugui sorgir entre l\u2019usuari i BLEBA 30, S.L. seran competents els jutjats o tribunals de la localitat de Barcelona.<\/p>[\/et_pb_text][\/et_pb_column][\/et_pb_row][et_pb_row _builder_version=&#8221;4.16&#8243; _module_preset=&#8221;default&#8221; background_color=&#8221;#2ea3f2&#8243; global_colors_info=&#8221;{}&#8221;][et_pb_column type=&#8221;4_4&#8243; _builder_version=&#8221;4.16&#8243; _module_preset=&#8221;default&#8221; global_colors_info=&#8221;{}&#8221;][et_pb_text _builder_version=&#8221;4.16&#8243; _module_preset=&#8221;default&#8221; text_text_color=&#8221;#FFFFFF&#8221; header_text_color=&#8221;#FFFFFF&#8221; header_5_text_color=&#8221;#FFFFFF&#8221; custom_padding=&#8221;0px|||||&#8221; global_colors_info=&#8221;{}&#8221;]<h2 style=\"text-align: center;\"><span style=\"color: #ffffff;\">Vols con\u00e8ixer els objectius i la din\u00e0mica del concurs?<\/span><\/h2>[\/et_pb_text][\/et_pb_column][\/et_pb_row][et_pb_row column_structure=&#8221;1_2,1_2&#8243; _builder_version=&#8221;4.16&#8243; _module_preset=&#8221;default&#8221; background_color=&#8221;#2ea3f2&#8243; min_height=&#8221;108px&#8221; global_colors_info=&#8221;{}&#8221;][et_pb_column type=&#8221;1_2&#8243; _builder_version=&#8221;4.16&#8243; _module_preset=&#8221;default&#8221; global_colors_info=&#8221;{}&#8221;][et_pb_button button_url=&#8221;https:\/\/www.picalletres.net\/ca\/wp-content\/estructura-web\/pdf\/Dossier-Pica-Lletres-tv-2019-20.pdf&#8221; url_new_window=&#8221;on&#8221; button_text=&#8221;Versi\u00f3 TV&#8221; button_alignment=&#8221;right&#8221; _builder_version=&#8221;4.16&#8243; _module_preset=&#8221;default&#8221; custom_button=&#8221;on&#8221; button_text_color=&#8221;#FFFFFF&#8221; global_colors_info=&#8221;{}&#8221;][\/et_pb_button][\/et_pb_column][et_pb_column type=&#8221;1_2&#8243; _builder_version=&#8221;4.16&#8243; _module_preset=&#8221;default&#8221; global_colors_info=&#8221;{}&#8221;][et_pb_button button_url=&#8221;\/ca\/wp-content\/estructura-web\/pdf\/Dossier-Pica-Lletres-radio-2n-ESO-2019-20.pdf&#8221; url_new_window=&#8221;on&#8221; button_text=&#8221;Versi\u00f3 r\u00e0dio&#8221; button_alignment=&#8221;left&#8221; _builder_version=&#8221;4.16&#8243; _module_preset=&#8221;default&#8221; custom_button=&#8221;on&#8221; button_text_color=&#8221;#FFFFFF&#8221; global_colors_info=&#8221;{}&#8221;][\/et_pb_button][\/et_pb_column][\/et_pb_row][\/et_pb_section]\n","protected":false},"excerpt":{"rendered":"","protected":false},"author":1,"featured_media":0,"parent":0,"menu_order":0,"comment_status":"closed","ping_status":"closed","template":"","meta":{"_et_pb_use_builder":"on","_et_pb_old_content":"","_et_gb_content_width":"","footnotes":""},"class_list":["post-229230","page","type-page","status-publish","hentry"],"yoast_head":"<!-- This site is optimized with the Yoast SEO plugin v27.4 - https:\/\/yoast.com\/product\/yoast-seo-wordpress\/ -->\n<title>Av\u00eds legal - Pica Lletres - Concurs ling\u00fc\u00edstic que consisteix a lletrejar paraules en catal\u00e0<\/title>\n<meta name=\"robots\" content=\"index, follow, max-snippet:-1, max-image-preview:large, max-video-preview:-1\" \/>\n<link rel=\"canonical\" href=\"https:\/\/www.picalletres.net\/ca\/avis-legal-i-politica-de-privacitat\/\" \/>\n<meta property=\"og:locale\" content=\"ca_ES\" \/>\n<meta property=\"og:type\" content=\"article\" \/>\n<meta property=\"og:title\" content=\"Av\u00eds legal - Pica Lletres - Concurs ling\u00fc\u00edstic que consisteix a lletrejar paraules en catal\u00e0\" \/>\n<meta property=\"og:url\" content=\"https:\/\/www.picalletres.net\/ca\/avis-legal-i-politica-de-privacitat\/\" \/>\n<meta property=\"og:site_name\" content=\"Pica Lletres - Concurs ling\u00fc\u00edstic que consisteix a lletrejar paraules en catal\u00e0\" \/>\n<meta property=\"article:modified_time\" content=\"2023-06-14T13:48:40+00:00\" \/>\n<meta name=\"twitter:card\" content=\"summary_large_image\" \/>\n<meta name=\"twitter:label1\" content=\"Temps estimat de lectura\" \/>\n\t<meta name=\"twitter:data1\" content=\"17 minuts\" \/>\n<script type=\"application\/ld+json\" class=\"yoast-schema-graph\">{\"@context\":\"https:\\\/\\\/schema.org\",\"@graph\":[{\"@type\":\"WebPage\",\"@id\":\"https:\\\/\\\/www.picalletres.net\\\/ca\\\/avis-legal-i-politica-de-privacitat\\\/\",\"url\":\"https:\\\/\\\/www.picalletres.net\\\/ca\\\/avis-legal-i-politica-de-privacitat\\\/\",\"name\":\"Av\u00eds legal - Pica Lletres - Concurs ling\u00fc\u00edstic que consisteix a lletrejar paraules en catal\u00e0\",\"isPartOf\":{\"@id\":\"https:\\\/\\\/www.picalletres.net\\\/ca\\\/#website\"},\"datePublished\":\"2021-11-15T13:59:18+00:00\",\"dateModified\":\"2023-06-14T13:48:40+00:00\",\"breadcrumb\":{\"@id\":\"https:\\\/\\\/www.picalletres.net\\\/ca\\\/avis-legal-i-politica-de-privacitat\\\/#breadcrumb\"},\"inLanguage\":\"ca\",\"potentialAction\":[{\"@type\":\"ReadAction\",\"target\":[\"https:\\\/\\\/www.picalletres.net\\\/ca\\\/avis-legal-i-politica-de-privacitat\\\/\"]}]},{\"@type\":\"BreadcrumbList\",\"@id\":\"https:\\\/\\\/www.picalletres.net\\\/ca\\\/avis-legal-i-politica-de-privacitat\\\/#breadcrumb\",\"itemListElement\":[{\"@type\":\"ListItem\",\"position\":1,\"name\":\"Portada\",\"item\":\"https:\\\/\\\/www.picalletres.net\\\/ca\\\/\"},{\"@type\":\"ListItem\",\"position\":2,\"name\":\"Av\u00eds legal\"}]},{\"@type\":\"WebSite\",\"@id\":\"https:\\\/\\\/www.picalletres.net\\\/ca\\\/#website\",\"url\":\"https:\\\/\\\/www.picalletres.net\\\/ca\\\/\",\"name\":\"Pica Lletres - Concurs ling\u00fc\u00edstic que consisteix a lletrejar paraules en catal\u00e0\",\"description\":\"\",\"potentialAction\":[{\"@type\":\"SearchAction\",\"target\":{\"@type\":\"EntryPoint\",\"urlTemplate\":\"https:\\\/\\\/www.picalletres.net\\\/ca\\\/?s={search_term_string}\"},\"query-input\":{\"@type\":\"PropertyValueSpecification\",\"valueRequired\":true,\"valueName\":\"search_term_string\"}}],\"inLanguage\":\"ca\"}]}<\/script>\n<!-- \/ Yoast SEO plugin. -->","yoast_head_json":{"title":"Av\u00eds legal - Pica Lletres - Concurs ling\u00fc\u00edstic que consisteix a lletrejar paraules en catal\u00e0","robots":{"index":"index","follow":"follow","max-snippet":"max-snippet:-1","max-image-preview":"max-image-preview:large","max-video-preview":"max-video-preview:-1"},"canonical":"https:\/\/www.picalletres.net\/ca\/avis-legal-i-politica-de-privacitat\/","og_locale":"ca_ES","og_type":"article","og_title":"Av\u00eds legal - Pica Lletres - Concurs ling\u00fc\u00edstic que consisteix a lletrejar paraules en catal\u00e0","og_url":"https:\/\/www.picalletres.net\/ca\/avis-legal-i-politica-de-privacitat\/","og_site_name":"Pica Lletres - Concurs ling\u00fc\u00edstic que consisteix a lletrejar paraules en catal\u00e0","article_modified_time":"2023-06-14T13:48:40+00:00","twitter_card":"summary_large_image","twitter_misc":{"Temps estimat de lectura":"17 minuts"},"schema":{"@context":"https:\/\/schema.org","@graph":[{"@type":"WebPage","@id":"https:\/\/www.picalletres.net\/ca\/avis-legal-i-politica-de-privacitat\/","url":"https:\/\/www.picalletres.net\/ca\/avis-legal-i-politica-de-privacitat\/","name":"Av\u00eds legal - Pica Lletres - Concurs ling\u00fc\u00edstic que consisteix a lletrejar paraules en catal\u00e0","isPartOf":{"@id":"https:\/\/www.picalletres.net\/ca\/#website"},"datePublished":"2021-11-15T13:59:18+00:00","dateModified":"2023-06-14T13:48:40+00:00","breadcrumb":{"@id":"https:\/\/www.picalletres.net\/ca\/avis-legal-i-politica-de-privacitat\/#breadcrumb"},"inLanguage":"ca","potentialAction":[{"@type":"ReadAction","target":["https:\/\/www.picalletres.net\/ca\/avis-legal-i-politica-de-privacitat\/"]}]},{"@type":"BreadcrumbList","@id":"https:\/\/www.picalletres.net\/ca\/avis-legal-i-politica-de-privacitat\/#breadcrumb","itemListElement":[{"@type":"ListItem","position":1,"name":"Portada","item":"https:\/\/www.picalletres.net\/ca\/"},{"@type":"ListItem","position":2,"name":"Av\u00eds legal"}]},{"@type":"WebSite","@id":"https:\/\/www.picalletres.net\/ca\/#website","url":"https:\/\/www.picalletres.net\/ca\/","name":"Pica Lletres - Concurs ling\u00fc\u00edstic que consisteix a lletrejar paraules en catal\u00e0","description":"","potentialAction":[{"@type":"SearchAction","target":{"@type":"EntryPoint","urlTemplate":"https:\/\/www.picalletres.net\/ca\/?s={search_term_string}"},"query-input":{"@type":"PropertyValueSpecification","valueRequired":true,"valueName":"search_term_string"}}],"inLanguage":"ca"}]}},"_links":{"self":[{"href":"https:\/\/www.picalletres.net\/ca\/wp-json\/wp\/v2\/pages\/229230","targetHints":{"allow":["GET"]}}],"collection":[{"href":"https:\/\/www.picalletres.net\/ca\/wp-json\/wp\/v2\/pages"}],"about":[{"href":"https:\/\/www.picalletres.net\/ca\/wp-json\/wp\/v2\/types\/page"}],"author":[{"embeddable":true,"href":"https:\/\/www.picalletres.net\/ca\/wp-json\/wp\/v2\/users\/1"}],"replies":[{"embeddable":true,"href":"https:\/\/www.picalletres.net\/ca\/wp-json\/wp\/v2\/comments?post=229230"}],"version-history":[{"count":10,"href":"https:\/\/www.picalletres.net\/ca\/wp-json\/wp\/v2\/pages\/229230\/revisions"}],"predecessor-version":[{"id":229352,"href":"https:\/\/www.picalletres.net\/ca\/wp-json\/wp\/v2\/pages\/229230\/revisions\/229352"}],"wp:attachment":[{"href":"https:\/\/www.picalletres.net\/ca\/wp-json\/wp\/v2\/media?parent=229230"}],"curies":[{"name":"wp","href":"https:\/\/api.w.org\/{rel}","templated":true}]}}